{"id":287,"date":"2016-12-29T00:18:19","date_gmt":"2016-12-28T23:18:19","guid":{"rendered":"http:\/\/www.idrr.fr\/WordPress\/?page_id=287"},"modified":"2020-12-17T11:39:21","modified_gmt":"2020-12-17T10:39:21","slug":"parc-eolien-de-cuq-servies","status":"publish","type":"page","link":"https:\/\/www.idrr.fr\/WordPress\/parc-eolien-de-cuq-servies\/","title":{"rendered":"Parc eolien de Cuq-Servies"},"content":{"rendered":"<p>Le vent est un ph\u00e9nom\u00e8ne auquel nous sommes quotidiennement confront\u00e9s pourtant que savons nous sur son origine, son comportement ou encore sur comment le dompter. Pour les \u00e9oliennes il en est de m\u00eame. Comment produisent-elles de l\u2019\u00e9lectricit\u00e9? Quels sont les crit\u00e8res d\u2019installation?\u00a0 Et encore bien d\u2019autres questions peuvent se poser sur leur fonctionnement par exemple.<\/p>\n<p>Pour mieux comprendre ce qu\u2019est le vent et ce que sont les \u00e9oliennes, l\u2019IDRR vous emporte dans le vent et les \u00e9oliennes. L\u2019intervention d\u00e9bute par une visite sensorielle du parc \u00e9olien. Par l\u2019\u00e9coute, l\u2019observation et plusieurs activit\u00e9s vous\u00a0pourrez d\u00e9couvrir une \u00e9olienne de pr\u00e8s et vous\u00a0en construire une repr\u00e9sentation concr\u00e8te.<\/p>\n<p>La suite du voyage se fera dans les locaux o\u00f9 se trouve notre bureau avec\u00a0des ateliers sur les diff\u00e9rents \u00e9l\u00e9ments qui composent une \u00e9olienne, sur les formes des pales, ou encore sur l\u2019\u00e9olien dans le monde au travers d\u2019un ensemble photographique. Puis\u00a0une maquette d\u2019exp\u00e9rimentation active vous permettra de comprendre le comportement du vent face \u00e0 des obstacles et donc comment l\u2019exploiter au mieux. Enfin autour d&rsquo;une table nous pourrons ensemble d\u00e9battre sur l&rsquo;\u00e9olien appuy\u00e9 par un ouvrage traitant des rumeurs autour de l&rsquo;\u00e9olien.<\/p>\n<hr \/>\n<p>Nous pr\u00e9cisons qu&rsquo;<strong>il n&rsquo;est pas possible de visiter l&rsquo;int\u00e9rieur d&rsquo;une \u00e9olienne<\/strong>. Les \u00e9oliennes sont des objets technologiques qui co\u00fbtent tr\u00e8s cher et priv\u00e9s. Nous pourrons n\u00e9anmoins vous en d\u00e9crire l&rsquo;int\u00e9rieur.<\/p>\n<hr \/>\n<h3>Pour les scolaires:<\/h3>\n<p>Pour des cycles 1, 2 nous pouvons proposer un travail d\u2019art plastique de construction d\u2019une fresque d\u2019\u00e9oliennes. Pour des cycles 3 et coll\u00e9giens et lyc\u00e9ens, un d\u00e9bat sur les rumeurs autour des \u00e9oliennes peut \u00eatre organis\u00e9. Un autre d\u00e9bat peut porter sur l\u2019\u00e9olien dans le monde. Pour les coll\u00e9giens et lyc\u00e9ens toujours, d\u2019autre ateliers peuvent \u00eatre mis en place selon l\u2019unit\u00e9 d\u2019enseignement avec laquelle cette intervention a \u00e9t\u00e9 organis\u00e9e.<\/p>\n<p><b><u>Co\u00fbt prestation<\/u><\/b>:\u00a0<a href=\"http:\/\/www.idrr.fr\/WordPress\/espace-enseignant\">Ici<\/a><\/p>\n\n\n<figure class=\"wp-block-image size-large\"><img decoding=\"async\" loading=\"lazy\" width=\"200\" height=\"300\" src=\"http:\/\/www.idrr.fr\/WordPress\/wp-content\/uploads\/2020\/12\/Eolienne_032.jpg\" alt=\"\" class=\"wp-image-611\"\/><\/figure>\n","protected":false},"excerpt":{"rendered":"<p>Le vent est un ph\u00e9nom\u00e8ne auquel nous sommes quotidiennement confront\u00e9s pourtant que savons nous sur son origine, son comportement ou encore sur comment le dompter. Pour les \u00e9oliennes il en <a class=\"more-link\" href=\"https:\/\/www.idrr.fr\/WordPress\/parc-eolien-de-cuq-servies\/\">lire la suite \u2192<\/a><\/p>\n","protected":false},"author":1,"featured_media":289,"parent":0,"menu_order":0,"comment_status":"closed","ping_status":"closed","template":"","meta":[],"yoast_head":"<!-- This site is optimized with the Yoast SEO plugin v20.0 - https:\/\/yoast.com\/wordpress\/plugins\/seo\/ -->\n<title>Parc eolien de Cuq-Servies - IDRR<\/title>\n<meta name=\"robots\" content=\"index, follow, max-snippet:-1, max-image-preview:large, max-video-preview:-1\" \/>\n<link rel=\"canonical\" href=\"https:\/\/www.idrr.fr\/WordPress\/parc-eolien-de-cuq-servies\/\" \/>\n<meta property=\"og:locale\" content=\"fr_FR\" \/>\n<meta property=\"og:type\" content=\"article\" \/>\n<meta property=\"og:title\" content=\"Parc eolien de Cuq-Servies - IDRR\" \/>\n<meta property=\"og:description\" content=\"Le vent est un ph\u00e9nom\u00e8ne auquel nous sommes quotidiennement confront\u00e9s pourtant que savons nous sur son origine, son comportement ou encore sur comment le dompter. Pour les \u00e9oliennes il en lire la suite \u2192\" \/>\n<meta property=\"og:url\" content=\"https:\/\/www.idrr.fr\/WordPress\/parc-eolien-de-cuq-servies\/\" \/>\n<meta property=\"og:site_name\" content=\"IDRR\" \/>\n<meta property=\"article:modified_time\" content=\"2020-12-17T10:39:21+00:00\" \/>\n<meta property=\"og:image\" content=\"https:\/\/www.idrr.fr\/WordPress\/wp-content\/uploads\/2016\/12\/20141016_111259.jpg\" \/>\n\t<meta property=\"og:image:width\" content=\"964\" \/>\n\t<meta property=\"og:image:height\" content=\"723\" \/>\n\t<meta property=\"og:image:type\" content=\"image\/jpeg\" \/>\n<meta name=\"twitter:card\" content=\"summary_large_image\" \/>\n<meta name=\"twitter:label1\" content=\"Dur\u00e9e de lecture estim\u00e9e\" \/>\n\t<meta name=\"twitter:data1\" content=\"2 minutes\" \/>\n<script type=\"application\/ld+json\" class=\"yoast-schema-graph\">{\"@context\":\"https:\/\/schema.org\",\"@graph\":[{\"@type\":\"WebPage\",\"@id\":\"https:\/\/www.idrr.fr\/WordPress\/parc-eolien-de-cuq-servies\/\",\"url\":\"https:\/\/www.idrr.fr\/WordPress\/parc-eolien-de-cuq-servies\/\",\"name\":\"Parc eolien de Cuq-Servies - IDRR\",\"isPartOf\":{\"@id\":\"https:\/\/www.idrr.fr\/WordPress\/#website\"},\"datePublished\":\"2016-12-28T23:18:19+00:00\",\"dateModified\":\"2020-12-17T10:39:21+00:00\",\"breadcrumb\":{\"@id\":\"https:\/\/www.idrr.fr\/WordPress\/parc-eolien-de-cuq-servies\/#breadcrumb\"},\"inLanguage\":\"fr-FR\",\"potentialAction\":[{\"@type\":\"ReadAction\",\"target\":[\"https:\/\/www.idrr.fr\/WordPress\/parc-eolien-de-cuq-servies\/\"]}]},{\"@type\":\"BreadcrumbList\",\"@id\":\"https:\/\/www.idrr.fr\/WordPress\/parc-eolien-de-cuq-servies\/#breadcrumb\",\"itemListElement\":[{\"@type\":\"ListItem\",\"position\":1,\"name\":\"Accueil\",\"item\":\"https:\/\/www.idrr.fr\/WordPress\/\"},{\"@type\":\"ListItem\",\"position\":2,\"name\":\"Parc eolien de Cuq-Servies\"}]},{\"@type\":\"WebSite\",\"@id\":\"https:\/\/www.idrr.fr\/WordPress\/#website\",\"url\":\"https:\/\/www.idrr.fr\/WordPress\/\",\"name\":\"IDRR\",\"description\":\"Institut de D\u00e9veloppement des Ressources Renouvelables\",\"publisher\":{\"@id\":\"https:\/\/www.idrr.fr\/WordPress\/#organization\"},\"potentialAction\":[{\"@type\":\"SearchAction\",\"target\":{\"@type\":\"EntryPoint\",\"urlTemplate\":\"https:\/\/www.idrr.fr\/WordPress\/?s={search_term_string}\"},\"query-input\":\"required name=search_term_string\"}],\"inLanguage\":\"fr-FR\"},{\"@type\":\"Organization\",\"@id\":\"https:\/\/www.idrr.fr\/WordPress\/#organization\",\"name\":\"IDRR\",\"url\":\"https:\/\/www.idrr.fr\/WordPress\/\",\"logo\":{\"@type\":\"ImageObject\",\"inLanguage\":\"fr-FR\",\"@id\":\"https:\/\/www.idrr.fr\/WordPress\/#\/schema\/logo\/image\/\",\"url\":\"https:\/\/www.idrr.fr\/WordPress\/wp-content\/uploads\/2016\/09\/Iconne-logo_02.png\",\"contentUrl\":\"https:\/\/www.idrr.fr\/WordPress\/wp-content\/uploads\/2016\/09\/Iconne-logo_02.png\",\"width\":89,\"height\":88,\"caption\":\"IDRR\"},\"image\":{\"@id\":\"https:\/\/www.idrr.fr\/WordPress\/#\/schema\/logo\/image\/\"}}]}<\/script>\n<!-- \/ Yoast SEO plugin. -->","yoast_head_json":{"title":"Parc eolien de Cuq-Servies - IDRR","robots":{"index":"index","follow":"follow","max-snippet":"max-snippet:-1","max-image-preview":"max-image-preview:large","max-video-preview":"max-video-preview:-1"},"canonical":"https:\/\/www.idrr.fr\/WordPress\/parc-eolien-de-cuq-servies\/","og_locale":"fr_FR","og_type":"article","og_title":"Parc eolien de Cuq-Servies - IDRR","og_description":"Le vent est un ph\u00e9nom\u00e8ne auquel nous sommes quotidiennement confront\u00e9s pourtant que savons nous sur son origine, son comportement ou encore sur comment le dompter. Pour les \u00e9oliennes il en lire la suite \u2192","og_url":"https:\/\/www.idrr.fr\/WordPress\/parc-eolien-de-cuq-servies\/","og_site_name":"IDRR","article_modified_time":"2020-12-17T10:39:21+00:00","og_image":[{"width":964,"height":723,"url":"https:\/\/www.idrr.fr\/WordPress\/wp-content\/uploads\/2016\/12\/20141016_111259.jpg","type":"image\/jpeg"}],"twitter_card":"summary_large_image","twitter_misc":{"Dur\u00e9e de lecture estim\u00e9e":"2 minutes"},"schema":{"@context":"https:\/\/schema.org","@graph":[{"@type":"WebPage","@id":"https:\/\/www.idrr.fr\/WordPress\/parc-eolien-de-cuq-servies\/","url":"https:\/\/www.idrr.fr\/WordPress\/parc-eolien-de-cuq-servies\/","name":"Parc eolien de Cuq-Servies - IDRR","isPartOf":{"@id":"https:\/\/www.idrr.fr\/WordPress\/#website"},"datePublished":"2016-12-28T23:18:19+00:00","dateModified":"2020-12-17T10:39:21+00:00","breadcrumb":{"@id":"https:\/\/www.idrr.fr\/WordPress\/parc-eolien-de-cuq-servies\/#breadcrumb"},"inLanguage":"fr-FR","potentialAction":[{"@type":"ReadAction","target":["https:\/\/www.idrr.fr\/WordPress\/parc-eolien-de-cuq-servies\/"]}]},{"@type":"BreadcrumbList","@id":"https:\/\/www.idrr.fr\/WordPress\/parc-eolien-de-cuq-servies\/#breadcrumb","itemListElement":[{"@type":"ListItem","position":1,"name":"Accueil","item":"https:\/\/www.idrr.fr\/WordPress\/"},{"@type":"ListItem","position":2,"name":"Parc eolien de Cuq-Servies"}]},{"@type":"WebSite","@id":"https:\/\/www.idrr.fr\/WordPress\/#website","url":"https:\/\/www.idrr.fr\/WordPress\/","name":"IDRR","description":"Institut de D\u00e9veloppement des Ressources Renouvelables","publisher":{"@id":"https:\/\/www.idrr.fr\/WordPress\/#organization"},"potentialAction":[{"@type":"SearchAction","target":{"@type":"EntryPoint","urlTemplate":"https:\/\/www.idrr.fr\/WordPress\/?s={search_term_string}"},"query-input":"required name=search_term_string"}],"inLanguage":"fr-FR"},{"@type":"Organization","@id":"https:\/\/www.idrr.fr\/WordPress\/#organization","name":"IDRR","url":"https:\/\/www.idrr.fr\/WordPress\/","logo":{"@type":"ImageObject","inLanguage":"fr-FR","@id":"https:\/\/www.idrr.fr\/WordPress\/#\/schema\/logo\/image\/","url":"https:\/\/www.idrr.fr\/WordPress\/wp-content\/uploads\/2016\/09\/Iconne-logo_02.png","contentUrl":"https:\/\/www.idrr.fr\/WordPress\/wp-content\/uploads\/2016\/09\/Iconne-logo_02.png","width":89,"height":88,"caption":"IDRR"},"image":{"@id":"https:\/\/www.idrr.fr\/WordPress\/#\/schema\/logo\/image\/"}}]}},"_links":{"self":[{"href":"https:\/\/www.idrr.fr\/WordPress\/wp-json\/wp\/v2\/pages\/287"}],"collection":[{"href":"https:\/\/www.idrr.fr\/WordPress\/wp-json\/wp\/v2\/pages"}],"about":[{"href":"https:\/\/www.idrr.fr\/WordPress\/wp-json\/wp\/v2\/types\/page"}],"author":[{"embeddable":true,"href":"https:\/\/www.idrr.fr\/WordPress\/wp-json\/wp\/v2\/users\/1"}],"replies":[{"embeddable":true,"href":"https:\/\/www.idrr.fr\/WordPress\/wp-json\/wp\/v2\/comments?post=287"}],"version-history":[{"count":5,"href":"https:\/\/www.idrr.fr\/WordPress\/wp-json\/wp\/v2\/pages\/287\/revisions"}],"predecessor-version":[{"id":613,"href":"https:\/\/www.idrr.fr\/WordPress\/wp-json\/wp\/v2\/pages\/287\/revisions\/613"}],"wp:featuredmedia":[{"embeddable":true,"href":"https:\/\/www.idrr.fr\/WordPress\/wp-json\/wp\/v2\/media\/289"}],"wp:attachment":[{"href":"https:\/\/www.idrr.fr\/WordPress\/wp-json\/wp\/v2\/media?parent=287"}],"curies":[{"name":"wp","href":"https:\/\/api.w.org\/{rel}","templated":true}]}}